{"id":2495,"date":"2022-08-29T11:11:28","date_gmt":"2022-08-29T11:11:28","guid":{"rendered":"https:\/\/encinardeljamon.com\/?page_id=2495"},"modified":"2022-08-29T11:13:26","modified_gmt":"2022-08-29T11:13:26","slug":"politica-de-privacidad","status":"publish","type":"page","link":"https:\/\/encinardeljamon.com\/fr\/politica-de-privacidad\/","title":{"rendered":"Politique de confidentialit\u00e9"},"content":{"rendered":"<div data-elementor-type=\"wp-page\" data-elementor-id=\"2495\" class=\"elementor elementor-2495\">\n\t\t\t\t\t\t<section class=\"elementor-section elementor-top-section elementor-element elementor-element-3f5c922e elementor-section-boxed elementor-section-height-default elementor-section-height-default\" data-id=\"3f5c922e\" data-element_type=\"section\" data-e-type=\"section\">\n\t\t\t\t\t\t<div class=\"elementor-container elementor-column-gap-default\">\n\t\t\t\t\t<div class=\"elementor-column elementor-col-100 elementor-top-column elementor-element elementor-element-7e823f71\" data-id=\"7e823f71\" data-element_type=\"column\" data-e-type=\"column\">\n\t\t\t<div class=\"elementor-widget-wrap elementor-element-populated\">\n\t\t\t\t\t\t<div class=\"elementor-element elementor-element-670bc37d elementor-widget elementor-widget-text-editor\" data-id=\"670bc37d\" data-element_type=\"widget\" data-e-type=\"widget\" data-widget_type=\"text-editor.default\">\n\t\t\t\t<div class=\"elementor-widget-container\">\n\t\t\t\t\t\t\t\t\t<h3><strong>I. POLITIQUE DE CONFIDENTIALIT\u00c9 ET DE PROTECTION DES DONN\u00c9ES<\/strong><\/h3><p>Dans le respect des dispositions de la l\u00e9gislation en vigueur, (ci-apr\u00e8s \u00e9galement Site Web) s'engage \u00e0 adopter les mesures techniques et organisationnelles n\u00e9cessaires, selon le niveau de s\u00e9curit\u00e9 appropri\u00e9 au risque des donn\u00e9es collect\u00e9es.<\/p><p><strong>LOIS INCORPOR\u00c9ES DANS CETTE POLITIQUE DE CONFIDENTIALIT\u00c9<\/strong><\/p><p>Cette politique de confidentialit\u00e9 est adapt\u00e9e \u00e0 la l\u00e9gislation espagnole et europ\u00e9enne en vigueur en mati\u00e8re de protection des donn\u00e9es personnelles sur Internet. Plus pr\u00e9cis\u00e9ment, il respecte les r\u00e8gles suivantes :<\/p><p>R\u00e8glement (UE) 2016\/679 du Parlement europ\u00e9en et du Conseil du 27 avril 2016 relatif \u00e0 la protection des personnes physiques \u00e0 l'\u00e9gard du traitement des donn\u00e9es \u00e0 caract\u00e8re personnel et \u00e0 la libre circulation de ces donn\u00e9es (GDPR).<\/p><p>Loi organique 3\/2018, du 5 d\u00e9cembre, sur la protection des donn\u00e9es personnelles et la garantie des droits num\u00e9riques (LOPD-GDD).<\/p><p>D\u00e9cret royal 1720\/2007, du 21 d\u00e9cembre, portant approbation du r\u00e8glement d'application de la loi organique 15\/1999, du 13 d\u00e9cembre, sur la protection des donn\u00e9es \u00e0 caract\u00e8re personnel (RDLOPD).<\/p><p>Loi 34\/2002, du 11 juillet, sur les services de la soci\u00e9t\u00e9 de l'information et le commerce \u00e9lectronique (LSSI-CE).<\/p><p><strong>IDENTIT\u00c9 DU RESPONSABLE DU TRAITEMENT DES DONN\u00c9ES \u00c0 CARACT\u00c8RE PERSONNEL<\/strong><\/p><p>Adresse :\u00a0<strong>calle Lope de Rueda, 280, Cp.29190, M\u00e1laga<\/strong><\/p><p>Num\u00e9ro de t\u00e9l\u00e9phone du contact :\u00a0<strong>617511841<\/strong><\/p><p>Courriel de contact :\u00a0<strong>info@encinardeljamon.com<\/strong><\/p><h3><strong>ENREGISTREMENT DES DONN\u00c9ES PERSONNELLES<\/strong><\/h3><p>Conform\u00e9ment aux dispositions du RGPD et de la LOPD-GDD, nous vous informons que les donn\u00e9es personnelles recueillies par\u00a0<strong>www.encinardeljamon.com<\/strong>au moyen des formulaires de ses pages seront incorpor\u00e9s et trait\u00e9s dans notre fichier afin de faciliter, d'acc\u00e9l\u00e9rer et d'ex\u00e9cuter les engagements \u00e9tablis entre l'utilisateur et lui ou de maintenir la relation \u00e9tablie dans les formulaires que l'utilisateur remplit, ou encore de r\u00e9pondre \u00e0 une demande ou \u00e0 une requ\u00eate de l'utilisateur. De m\u00eame, conform\u00e9ment aux dispositions du RGPD et de la LOPD-GDD, sauf exception pr\u00e9vue \u00e0 l'article 30.5 du RGPD, un registre des activit\u00e9s de traitement est tenu qui pr\u00e9cise, en fonction de ses finalit\u00e9s, les activit\u00e9s de traitement r\u00e9alis\u00e9es et les autres circonstances \u00e9tablies dans le RGPD.<\/p><h3><strong>PRINCIPES APPLICABLES AU TRAITEMENT DES DONN\u00c9ES PERSONNELLES<\/strong><\/h3><p>Le traitement des donn\u00e9es personnelles de l'Utilisateur est soumis aux principes suivants \u00e9nonc\u00e9s \u00e0 l'article 5 du RGPD et aux articles 4 et suivants de la loi organique 3\/2018, du 5 d\u00e9cembre, relative \u00e0 la protection des donn\u00e9es personnelles et \u00e0 la garantie des droits num\u00e9riques :<\/p><p>Principe de lic\u00e9it\u00e9, de loyaut\u00e9 et de transparence : le consentement de l'Utilisateur est requis \u00e0 tout moment apr\u00e8s une information compl\u00e8te et transparente sur les finalit\u00e9s pour lesquelles les donn\u00e9es personnelles sont collect\u00e9es.<\/p><p>Principe de limitation des finalit\u00e9s : les donn\u00e9es personnelles seront collect\u00e9es pour des finalit\u00e9s d\u00e9termin\u00e9es, explicites et l\u00e9gitimes.<\/p><p>Principe de minimisation des donn\u00e9es : les donn\u00e9es personnelles collect\u00e9es seront uniquement celles qui sont strictement n\u00e9cessaires aux fins pour lesquelles elles sont trait\u00e9es.<\/p><p>Principe d'exactitude : les donn\u00e9es \u00e0 caract\u00e8re personnel doivent \u00eatre exactes et toujours \u00e0 jour.<\/p><p>Principe de limitation de la dur\u00e9e de conservation : les donn\u00e9es personnelles ne seront conserv\u00e9es sous une forme permettant l'identification de l'Utilisateur que pendant la dur\u00e9e n\u00e9cessaire aux finalit\u00e9s de leur traitement.<\/p><p>Principe d'int\u00e9grit\u00e9 et de confidentialit\u00e9 : les donn\u00e9es \u00e0 caract\u00e8re personnel sont trait\u00e9es de mani\u00e8re \u00e0 garantir leur s\u00e9curit\u00e9 et leur confidentialit\u00e9.<\/p><p>Principe de responsabilit\u00e9 proactive : le responsable du traitement est charg\u00e9 de veiller \u00e0 ce que les principes susmentionn\u00e9s soient respect\u00e9s.<\/p><h3><strong>CAT\u00c9GORIES DE DONN\u00c9ES \u00c0 CARACT\u00c8RE PERSONNEL<\/strong><\/h3><p>Base juridique du traitement des donn\u00e9es \u00e0 caract\u00e8re personnel<\/p><p>La base juridique du traitement des donn\u00e9es personnelles est le consentement. s'engage \u00e0 obtenir le consentement expr\u00e8s et v\u00e9rifiable de l'Utilisateur au traitement de ses donn\u00e9es personnelles pour une ou plusieurs finalit\u00e9s sp\u00e9cifiques.<\/p><p>L'utilisateur a le droit de retirer son consentement \u00e0 tout moment. Il doit \u00eatre aussi facile de retirer son consentement que de le donner. En r\u00e8gle g\u00e9n\u00e9rale, le retrait du consentement ne conditionne pas l'utilisation du site web.<\/p><p>Dans les occasions o\u00f9 l'Utilisateur doit ou peut fournir ses donn\u00e9es \u00e0 travers des formulaires pour effectuer des consultations, demander des informations ou pour des raisons li\u00e9es au contenu du Site Web, il sera inform\u00e9 dans le cas o\u00f9 l'accomplissement de l'un d'entre eux est obligatoire du fait qu'ils sont essentiels pour le bon d\u00e9roulement de l'op\u00e9ration effectu\u00e9e.<\/p><p>Finalit\u00e9s du traitement pour lequel les donn\u00e9es personnelles sont utilis\u00e9es<\/p><p>Les donn\u00e9es personnelles sont collect\u00e9es et g\u00e9r\u00e9es par le site Web dans le but de faciliter, d'acc\u00e9l\u00e9rer et de respecter les engagements pris entre le site Web et l'utilisateur, de maintenir la relation \u00e9tablie dans les formulaires que ce dernier remplit ou de r\u00e9pondre \u00e0 une demande ou \u00e0 une requ\u00eate.<\/p><p>De m\u00eame, les donn\u00e9es pourront \u00eatre utilis\u00e9es \u00e0 des fins commerciales, de personnalisation, op\u00e9rationnelles et statistiques, ainsi que pour les activit\u00e9s inh\u00e9rentes \u00e0 l'objet social de l'entreprise.\u00a0<strong>Encarter le jambon<\/strong>Les donn\u00e9es collect\u00e9es, stock\u00e9es et utilis\u00e9es pour des \u00e9tudes marketing afin d'adapter le Contenu propos\u00e9 \u00e0 l'Utilisateur, ainsi que pour am\u00e9liorer la qualit\u00e9, le fonctionnement et la navigation du Site.<\/p><p>Au moment de la collecte des donn\u00e9es personnelles, l'Utilisateur sera inform\u00e9 de la ou des finalit\u00e9s sp\u00e9cifiques du traitement pour lequel les donn\u00e9es personnelles seront utilis\u00e9es, c'est-\u00e0-dire de l'utilisation ou des utilisations des informations collect\u00e9es.<\/p><h3><strong>LES P\u00c9RIODES DE CONSERVATION DES DONN\u00c9ES PERSONNELLES<\/strong><\/h3><p>Les donn\u00e9es personnelles ne seront conserv\u00e9es que pendant la dur\u00e9e minimale n\u00e9cessaire aux fins de leur traitement et, en tout \u00e9tat de cause, uniquement pendant la p\u00e9riode l\u00e9galement \u00e9tablie, ou jusqu'\u00e0 ce que l'utilisateur demande leur suppression.<\/p><h3><strong>LES DESTINATAIRES DES DONN\u00c9ES PERSONNELLES<\/strong><\/h3><h3><strong>DONN\u00c9ES PERSONNELLES DES MINEURS<\/strong><\/h3><p>Conform\u00e9ment aux dispositions des articles 8 du RGPD et 7 de la loi organique 3\/2018, du 5 d\u00e9cembre, relative \u00e0 la protection des donn\u00e9es \u00e0 caract\u00e8re personnel et \u00e0 la garantie des droits num\u00e9riques, seules les personnes \u00e2g\u00e9es de plus de 14 ans peuvent donner leur consentement au traitement de leurs donn\u00e9es \u00e0 caract\u00e8re personnel de mani\u00e8re licite par .<strong> Encarter le jambon<\/strong>. Dans le cas d'un enfant de moins de 14 ans, le consentement des parents ou des tuteurs est requis pour le traitement, et le traitement n'est licite que dans la mesure o\u00f9 les parents ou les tuteurs ont donn\u00e9 leur consentement.<\/p><h3><strong>LE SECRET ET LA S\u00c9CURIT\u00c9 DES DONN\u00c9ES PERSONNELLES<\/strong><\/h3><p>Elle s'engage \u00e0 adopter les mesures techniques et organisationnelles n\u00e9cessaires, selon le niveau de s\u00e9curit\u00e9 adapt\u00e9 au risque des donn\u00e9es collect\u00e9es, afin d'assurer la s\u00e9curit\u00e9 des donn\u00e9es \u00e0 caract\u00e8re personnel et d'emp\u00eacher la destruction, la perte ou l'alt\u00e9ration accidentelle ou illicite des donn\u00e9es \u00e0 caract\u00e8re personnel transmises, stock\u00e9es ou trait\u00e9es d'une autre mani\u00e8re, ou la communication ou l'acc\u00e8s non autoris\u00e9 \u00e0 ces donn\u00e9es.<\/p><p>Toutefois, ne pouvant garantir l'impr\u00e9gnabilit\u00e9 d'internet ou l'absence totale de hackers ou d'autres personnes acc\u00e9dant frauduleusement \u00e0 des donn\u00e9es personnelles, le responsable du traitement s'engage \u00e0 notifier sans d\u00e9lai excessif \u00e0 l'Utilisateur la survenance d'une atteinte \u00e0 la s\u00e9curit\u00e9 des donn\u00e9es personnelles susceptible d'entra\u00eener un risque \u00e9lev\u00e9 pour les droits et libert\u00e9s des personnes physiques. Conform\u00e9ment \u00e0 l'article 4 du RGPD, une violation de la s\u00e9curit\u00e9 des donn\u00e9es \u00e0 caract\u00e8re personnel d\u00e9signe toute violation de la s\u00e9curit\u00e9 entra\u00eenant la destruction, la perte ou l'alt\u00e9ration accidentelle ou illicite de donn\u00e9es \u00e0 caract\u00e8re personnel transmises, stock\u00e9es ou trait\u00e9es d'une autre mani\u00e8re, ou la divulgation ou l'acc\u00e8s non autoris\u00e9 \u00e0 ces donn\u00e9es.<\/p><p>Les donn\u00e9es personnelles seront trait\u00e9es de mani\u00e8re confidentielle par le responsable du traitement, qui s'engage \u00e0 informer et \u00e0 faire respecter, par une obligation l\u00e9gale ou contractuelle, cette confidentialit\u00e9 par ses employ\u00e9s, ses partenaires, et toute autre personne \u00e0 laquelle il rend les informations accessibles.<\/p><h3><strong>LES DROITS D\u00c9COULANT DU TRAITEMENT DES DONN\u00c9ES \u00c0 CARACT\u00c8RE PERSONNEL<\/strong><\/h3><p>L'Utilisateur peut, par cons\u00e9quent, exercer les droits suivants reconnus dans le GDPR et la loi organique 3\/2018, du 5 d\u00e9cembre, sur la protection des donn\u00e9es personnelles et la garantie des droits num\u00e9riques contre le responsable du traitement :<\/p><p><em><strong>Droit d'acc\u00e8s :<\/strong><\/em>\u00a0Il s'agit du droit de l'Utilisateur d'obtenir la confirmation de l'existence ou non d'un traitement de ses donn\u00e9es personnelles et, dans l'affirmative, d'obtenir des informations sur ses donn\u00e9es personnelles sp\u00e9cifiques et sur le traitement dont elles ont fait ou font l'objet, ainsi que, entre autres, les informations disponibles sur l'origine de ces donn\u00e9es et les destinataires des communications effectu\u00e9es ou pr\u00e9vues pour ces donn\u00e9es.<\/p><p><em><strong>Droit de rectification :<\/strong><\/em>\u00a0Il s'agit du droit de l'Utilisateur de faire modifier ses donn\u00e9es personnelles si elles s'av\u00e8rent inexactes ou, compte tenu des finalit\u00e9s du traitement, incompl\u00e8tes.<\/p><p><em><strong>Droit d'effacement (\"droit \u00e0 l'oubli\") :<\/strong><\/em>\u00a0Il s'agit du droit de l'Utilisateur, \u00e0 moins que la loi n'en dispose autrement, d'obtenir l'effacement de ses donn\u00e9es personnelles lorsqu'elles ne sont plus n\u00e9cessaires aux fins pour lesquelles elles ont \u00e9t\u00e9 collect\u00e9es ou trait\u00e9es ; l'Utilisateur a retir\u00e9 son consentement au traitement et il n'existe pas d'autre base l\u00e9gale pour le traitement ; l'utilisateur s'oppose au traitement et il n'y a pas d'autre motif l\u00e9gitime pour poursuivre le traitement ; les donn\u00e9es \u00e0 caract\u00e8re personnel ont \u00e9t\u00e9 trait\u00e9es ill\u00e9galement ; les donn\u00e9es \u00e0 caract\u00e8re personnel doivent \u00eatre effac\u00e9es conform\u00e9ment \u00e0 une obligation l\u00e9gale ; ou les donn\u00e9es \u00e0 caract\u00e8re personnel ont \u00e9t\u00e9 obtenues \u00e0 la suite d'une offre directe de services de la soci\u00e9t\u00e9 de l'information \u00e0 un enfant de moins de 14 ans. Outre l'effacement, le responsable du traitement prend, compte tenu de la technologie disponible et du co\u00fbt de sa mise en \u0153uvre, des mesures raisonnables pour informer les responsables du traitement des donn\u00e9es \u00e0 caract\u00e8re personnel de la demande d'effacement de la personne concern\u00e9e de tout lien avec ces donn\u00e9es \u00e0 caract\u00e8re personnel.<\/p><p><em><strong>Droit \u00e0 la limitation du traitement :<\/strong><\/em>\u00a0Il s'agit du droit de l'utilisateur de restreindre le traitement de ses donn\u00e9es personnelles. L'Utilisateur a le droit d'obtenir la limitation du traitement lorsqu'il conteste l'exactitude de ses donn\u00e9es personnelles ; le traitement est ill\u00e9gal ; le responsable du traitement n'a plus besoin des donn\u00e9es personnelles, mais l'Utilisateur en a besoin pour faire des r\u00e9clamations ; et lorsque l'Utilisateur s'est oppos\u00e9 au traitement.<\/p><p><em><strong>Droit \u00e0 la portabilit\u00e9 des donn\u00e9es :<\/strong><\/em>\u00a0Lorsque le traitement est effectu\u00e9 par des moyens automatis\u00e9s, l'utilisateur a le droit de recevoir du responsable du traitement ses donn\u00e9es personnelles dans un format structur\u00e9, couramment utilis\u00e9 et lisible par machine et de les transmettre \u00e0 un autre responsable du traitement. Lorsque cela est techniquement possible, le responsable du traitement transmet les donn\u00e9es directement \u00e0 cet autre responsable du traitement.<\/p><p><em><strong>Droit d'opposition :<\/strong><\/em>\u00a0Il s'agit du droit de l'utilisateur de ne pas faire traiter ses donn\u00e9es personnelles ou de faire cesser le traitement de ces donn\u00e9es par<strong> Encarter le jambon<\/strong>.<\/p><p><em><strong>Le droit de ne pas faire l'objet d'une d\u00e9cision fond\u00e9e uniquement sur un traitement automatis\u00e9, y compris le profilage :<\/strong><\/em>\u00a0Il s'agit du droit de l'Utilisateur de ne pas faire l'objet d'une d\u00e9cision individualis\u00e9e fond\u00e9e uniquement sur un traitement automatis\u00e9 de ses donn\u00e9es personnelles, y compris le profilage, sauf disposition contraire de la loi.<\/p><p>Par cons\u00e9quent, l'Utilisateur peut exercer ses droits au moyen d'une communication \u00e9crite adress\u00e9e au responsable du traitement des donn\u00e9es avec la r\u00e9f\u00e9rence RGPD, en pr\u00e9cisant :<\/p><p><em>Nom, pr\u00e9nom(s) de l'utilisateur et copie de la carte d'identit\u00e9. Dans les cas o\u00f9 la repr\u00e9sentation est autoris\u00e9e, il sera \u00e9galement n\u00e9cessaire d'identifier par les m\u00eames moyens la personne qui repr\u00e9sente l'Utilisateur, ainsi que le document accr\u00e9ditant la repr\u00e9sentation. La photocopie du DNI peut \u00eatre remplac\u00e9e par tout autre moyen l\u00e9galement valable qui accr\u00e9dite l'identit\u00e9.<\/em><\/p><ul><li>Demande avec les raisons sp\u00e9cifiques de la demande ou des informations \u00e0 consulter.<\/li><li>Adresse aux fins des notifications.<\/li><li>Date et signature du demandeur.<\/li><li>Tout document \u00e0 l'appui de la demande que vous formulez.<\/li><li>La pr\u00e9sente demande et les documents qui l'accompagnent peuvent \u00eatre envoy\u00e9s \u00e0 l'adresse suivante et\/ou \u00e0 l'adresse \u00e9lectronique :<\/li><li>Adresse postale :<\/li><li>Courriel :<\/li><\/ul><h3><strong>LIENS VERS LES SITES WEB DE TIERS<\/strong><\/h3><p>Le site Web peut inclure des hyperliens ou des liens permettant d'acc\u00e9der \u00e0 des sites Web de tiers autres que les suivants<strong> Encarter le jambon<\/strong>et qui ne sont donc pas exploit\u00e9s par\u00a0<strong>Encarter le jambon<\/strong>. Les propri\u00e9taires de ces sites web auront leurs propres politiques de protection des donn\u00e9es, \u00e9tant eux-m\u00eames, dans chaque cas, responsables de leurs propres fichiers et de leurs propres pratiques de confidentialit\u00e9.<\/p><h3><strong>PLAINTES AUPR\u00c8S DE L'AUTORIT\u00c9 DE SURVEILLANCE<\/strong><\/h3><p>Dans le cas o\u00f9 l'utilisateur consid\u00e8re qu'il existe un probl\u00e8me ou une violation de la r\u00e9glementation en vigueur dans la mani\u00e8re dont ses donn\u00e9es personnelles sont trait\u00e9es, il a le droit de b\u00e9n\u00e9ficier d'une protection judiciaire effective et d'introduire une plainte aupr\u00e8s d'une autorit\u00e9 de contr\u00f4le, notamment dans l'\u00c9tat dans lequel il a sa r\u00e9sidence habituelle, son lieu de travail ou le lieu de l'infraction pr\u00e9sum\u00e9e. Dans le cas de l'Espagne, l'autorit\u00e9 de contr\u00f4le est l'Agence espagnole de protection des donn\u00e9es (http:\/\/www.agpd.es).<\/p><h3><strong>II. ACCEPTATION ET MODIFICATION DE LA PR\u00c9SENTE POLITIQUE DE CONFIDENTIALIT\u00c9<\/strong>\u00a0<strong>PRIVACY<\/strong><\/h3><p>Il est n\u00e9cessaire que l'Utilisateur ait lu et accepte les conditions de protection des donn\u00e9es personnelles contenues dans la pr\u00e9sente Politique de confidentialit\u00e9, ainsi qu'il accepte le traitement de ses donn\u00e9es personnelles afin que le responsable du traitement puisse proc\u00e9der de la mani\u00e8re, pendant les p\u00e9riodes et aux fins indiqu\u00e9es. L'utilisation du site Web implique l'acceptation de la politique de confidentialit\u00e9 du site Web.<\/p><p>Elle se r\u00e9serve le droit de modifier sa politique de confidentialit\u00e9, selon ses propres crit\u00e8res, ou motiv\u00e9e par un changement l\u00e9gislatif, jurisprudentiel ou doctrinal de l'Agence espagnole de protection des donn\u00e9es. Les modifications ou mises \u00e0 jour de la pr\u00e9sente politique de confidentialit\u00e9 ne seront pas explicitement notifi\u00e9es \u00e0 l'utilisateur. Il est recommand\u00e9 \u00e0 l'utilisateur de consulter p\u00e9riodiquement cette page pour se tenir au courant des derniers changements ou mises \u00e0 jour.<\/p><p>La pr\u00e9sente politique de confidentialit\u00e9 a \u00e9t\u00e9 mise \u00e0 jour pour s'adapter au r\u00e8glement (UE) 2016\/679 du Parlement europ\u00e9en et du Conseil du 27 avril 2016 relatif \u00e0 la protection des personnes physiques \u00e0 l'\u00e9gard du traitement des donn\u00e9es \u00e0 caract\u00e8re personnel et \u00e0 la libre circulation de ces donn\u00e9es (GDPR) et \u00e0 la loi organique 3\/2018 du 5 d\u00e9cembre relative \u00e0 la protection des donn\u00e9es personnelles et \u00e0 la garantie des droits num\u00e9riques.<\/p>\t\t\t\t\t\t\t\t<\/div>\n\t\t\t\t<\/div>\n\t\t\t\t\t<\/div>\n\t\t<\/div>\n\t\t\t\t\t<\/div>\n\t\t<\/section>\n\t\t\t\t<\/div>","protected":false},"excerpt":{"rendered":"<p>I. POLITIQUE DE CONFIDENTIALIT\u00c9 ET PROTECTION DES DONN\u00c9ES Dans le respect des dispositions de la l\u00e9gislation en vigueur, (ci-apr\u00e8s \u00e9galement site Web) s'engage \u00e0 adopter les mesures techniques et organisationnelles n\u00e9cessaires, selon le niveau de s\u00e9curit\u00e9 appropri\u00e9 au risque des donn\u00e9es collect\u00e9es. LOIS INCORPOR\u00c9ES DANS LA PR\u00c9SENTE POLITIQUE DE CONFIDENTIALIT\u00c9 La pr\u00e9sente politique de confidentialit\u00e9 est adapt\u00e9e \u00e0 la ...<\/p>\n<p class=\"read-more\"> <a class=\"\" href=\"https:\/\/encinardeljamon.com\/fr\/politica-de-privacidad\/\"> <span class=\"screen-reader-text\">Politique de confidentialit\u00e9<\/span> Lire la suite \"<\/a><\/p>","protected":false},"author":1,"featured_media":0,"parent":0,"menu_order":0,"comment_status":"closed","ping_status":"closed","template":"","meta":{"site-sidebar-layout":"default","site-content-layout":"","ast-site-content-layout":"","site-content-style":"default","site-sidebar-style":"default","ast-global-header-display":"","ast-banner-title-visibility":"","ast-main-header-display":"","ast-hfb-above-header-display":"","ast-hfb-below-header-display":"","ast-hfb-mobile-header-display":"","site-post-title":"","ast-breadcrumbs-content":"","ast-featured-img":"","footer-sml-layout":"","theme-transparent-header-meta":"","adv-header-id-meta":null,"stick-header-meta":null,"header-above-stick-meta":null,"header-main-stick-meta":null,"header-below-stick-meta":null,"astra-migrate-meta-layouts":"","_joinchat":[],"footnotes":""},"yst_prominent_words":[],"class_list":["post-2495","page","type-page","status-publish","hentry"],"_links":{"self":[{"href":"https:\/\/encinardeljamon.com\/fr\/wp-json\/wp\/v2\/pages\/2495","targetHints":{"allow":["GET"]}}],"collection":[{"href":"https:\/\/encinardeljamon.com\/fr\/wp-json\/wp\/v2\/pages"}],"about":[{"href":"https:\/\/encinardeljamon.com\/fr\/wp-json\/wp\/v2\/types\/page"}],"author":[{"embeddable":true,"href":"https:\/\/encinardeljamon.com\/fr\/wp-json\/wp\/v2\/users\/1"}],"replies":[{"embeddable":true,"href":"https:\/\/encinardeljamon.com\/fr\/wp-json\/wp\/v2\/comments?post=2495"}],"version-history":[{"count":4,"href":"https:\/\/encinardeljamon.com\/fr\/wp-json\/wp\/v2\/pages\/2495\/revisions"}],"predecessor-version":[{"id":2503,"href":"https:\/\/encinardeljamon.com\/fr\/wp-json\/wp\/v2\/pages\/2495\/revisions\/2503"}],"wp:attachment":[{"href":"https:\/\/encinardeljamon.com\/fr\/wp-json\/wp\/v2\/media?parent=2495"}],"wp:term":[{"taxonomy":"yst_prominent_words","embeddable":true,"href":"https:\/\/encinardeljamon.com\/fr\/wp-json\/wp\/v2\/yst_prominent_words?post=2495"}],"curies":[{"name":"wp","href":"https:\/\/api.w.org\/{rel}","templated":true}]}}